{"id":77,"date":"2017-10-13T16:16:44","date_gmt":"2017-10-13T16:16:44","guid":{"rendered":"http:\/\/gsamelgatzen.apps-1and1.net\/?page_id=77"},"modified":"2026-03-11T14:07:32","modified_gmt":"2026-03-11T13:07:32","slug":"formulare-und-antraege","status":"publish","type":"page","link":"https:\/\/www.gs-amelgatzen.de\/?page_id=77","title":{"rendered":"Formulare und Antr\u00e4ge"},"content":{"rendered":"<div data-colibri-id=\"77-c1\" class=\"style-916 style-local-77-c1 position-relative\">\n  <!---->\n  <div data-colibri-component=\"section\" data-colibri-id=\"77-c2\" id=\"features\" class=\"h-section h-section-global-spacing d-flex align-items-lg-center align-items-md-center align-items-center style-1405 style-local-77-c2 position-relative\">\n    <!---->\n    <!---->\n    <div class=\"h-section-grid-container h-section-boxed-container\">\n      <div data-colibri-id=\"77-c26\" class=\"h-row-container gutters-row-lg-2 gutters-row-md-2 gutters-row-0 gutters-row-v-lg-2 gutters-row-v-md-2 gutters-row-v-2 style-1415 style-local-77-c26 position-relative\">\n        <!---->\n        <div class=\"h-row justify-content-lg-center justify-content-md-center justify-content-center align-items-lg-stretch align-items-md-stretch align-items-stretch gutters-col-lg-2 gutters-col-md-2 gutters-col-0 gutters-col-v-lg-2 gutters-col-v-md-2 gutters-col-v-2\">\n          <!---->\n          <div class=\"h-column h-column-container d-flex h-col-lg-auto h-col-md-auto h-col-auto style-1416-outer style-local-77-c27-outer\">\n            <div data-colibri-id=\"77-c27\" class=\"d-flex h-flex-basis h-column__inner h-px-lg-2 h-px-md-2 h-px-2 v-inner-lg-2 v-inner-md-2 v-inner-2 style-1416 style-local-77-c27 position-relative\">\n              <!---->\n              <!---->\n              <div class=\"w-100 h-y-container h-column__content h-column__v-align flex-basis-100 align-self-lg-start align-self-md-start align-self-start\">\n                <!---->\n                <div data-colibri-id=\"77-c28\" class=\"h-global-transition-all h-heading style-1417 style-local-77-c28 position-relative h-element\">\n                  <!---->\n                  <div class=\"h-heading__outer style-1417 style-local-77-c28\">\n                    <!---->\n                    <!---->\n                    <h2 class=\"\">Formulare und Antr\u00e4ge<\/h2>\n                  <\/div>\n                <\/div>\n                <div data-colibri-id=\"77-c29\" class=\"h-lead h-text h-text-component style-1418 style-local-77-c29 position-relative h-element\">\n                  <!---->\n                  <!---->\n                  <div class=\"\"><\/div>\n                <\/div>\n              <\/div>\n            <\/div>\n          <\/div>\n        <\/div>\n      <\/div>\n      <div data-colibri-id=\"77-c3\" class=\"h-row-container gutters-row-lg-2 gutters-row-md-2 gutters-row-2 gutters-row-v-lg-2 gutters-row-v-md-2 gutters-row-v-2 style-1406 style-local-77-c3 position-relative\">\n        <!---->\n        <div class=\"h-row justify-content-lg-center justify-content-md-center justify-content-center align-items-lg-stretch align-items-md-stretch align-items-stretch gutters-col-lg-2 gutters-col-md-2 gutters-col-2 gutters-col-v-lg-2 gutters-col-v-md-2 gutters-col-v-2\">\n          <!---->\n          <div class=\"h-column h-column-container d-flex h-col-lg-4 h-col-md-6 h-col-12 style-1407-outer style-local-77-c4-outer\">\n            <div data-colibri-id=\"77-c4\" class=\"d-flex h-flex-basis h-column__inner h-px-lg-0 h-px-md-0 h-px-0 v-inner-lg-0 v-inner-md-0 v-inner-0 style-1407 style-local-77-c4 position-relative\">\n              <!---->\n              <!---->\n              <div class=\"w-100 h-y-container h-column__content h-column__v-align flex-basis-100 align-self-lg-start align-self-md-start align-self-start\">\n                <!---->\n                <div data-colibri-id=\"77-c5\" class=\"d-block style-1408 style-local-77-c5 position-relative h-element\">\n                  <!---->\n                  <div class=\"h-image__frame-container-outer\">\n                    <div class=\"h-image__frame-container\">\n                      <!---->\n                      <!---->\n                      <img loading=\"lazy\" decoding=\"async\" width=\"851\" height=\"851\" src=\"https:\/\/www.gs-amelgatzen.de\/wp-content\/uploads\/2023\/04\/cropped-school-times-g5f68cf784_1280.jpg\" class=\"wp-image-72149 style-1408-image style-local-77-c5-image\" alt=\"\" srcset=\"https:\/\/www.gs-amelgatzen.de\/wp-content\/uploads\/2023\/04\/cropped-school-times-g5f68cf784_1280.jpg 851w, https:\/\/www.gs-amelgatzen.de\/wp-content\/uploads\/2023\/04\/cropped-school-times-g5f68cf784_1280-300x300.jpg 300w, https:\/\/www.gs-amelgatzen.de\/wp-content\/uploads\/2023\/04\/cropped-school-times-g5f68cf784_1280-150x150.jpg 150w, https:\/\/www.gs-amelgatzen.de\/wp-content\/uploads\/2023\/04\/cropped-school-times-g5f68cf784_1280-768x768.jpg 768w\" sizes=\"(max-width: 851px) 100vw, 851px\" \/>\n                      <div class=\"h-image__frame h-hide-lg h-hide-md h-hide-sm style-1408-frameImage style-local-77-c5-frameImage\"><\/div>\n                    <\/div>\n                  <\/div>\n                <\/div>\n                <div data-colibri-id=\"77-c6\" class=\"h-row-container gutters-row-lg-0 gutters-row-md-0 gutters-row-2 gutters-row-v-lg-0 gutters-row-v-md-0 gutters-row-v-2 style-1409 style-local-77-c6 position-relative\">\n                  <!---->\n                  <div class=\"h-row justify-content-lg-center justify-content-md-center justify-content-center align-items-lg-stretch align-items-md-stretch align-items-stretch gutters-col-lg-0 gutters-col-md-0 gutters-col-2 gutters-col-v-lg-0 gutters-col-v-md-0 gutters-col-v-2\">\n                    <!---->\n                    <div class=\"h-column h-column-container d-flex h-col-lg-auto h-col-md-auto h-col-auto style-1410-outer style-local-77-c7-outer\">\n                      <div data-colibri-id=\"77-c7\" class=\"d-flex h-flex-basis h-column__inner h-px-lg-2 h-px-md-3 h-px-2 v-inner-lg-2 v-inner-md-3 v-inner-2 style-1410 style-local-77-c7 position-relative\">\n                        <!---->\n                        <!---->\n                        <div class=\"w-100 h-y-container h-column__content h-column__v-align flex-basis-100 align-self-lg-start align-self-md-start align-self-start\">\n                          <!---->\n                          <div data-colibri-id=\"77-c8\" class=\"h-global-transition-all h-heading style-1411 style-local-77-c8 position-relative h-element\">\n                            <!---->\n                            <div class=\"h-heading__outer style-1411 style-local-77-c8\">\n                              <!---->\n                              <!---->\n                              <h4 class=\"\">Schulanmeldung<\/h4>\n                            <\/div>\n                          <\/div>\n                          <div data-colibri-id=\"77-c9\" class=\"h-text h-text-component style-1412 style-local-77-c9 position-relative h-element\">\n                            <!---->\n                            <!---->\n                            <div class=\"\">\n                              <p>Einen ersten Teil unserer Schulanmeldung finden Sie bereits hier. Klicken Sie einfach auf das untere Feld.<\/p>\n                            <\/div>\n                          <\/div>\n                        <\/div>\n                      <\/div>\n                    <\/div>\n                  <\/div>\n                <\/div>\n                <div data-colibri-id=\"77-c10\" class=\"h-x-container style-1413 style-local-77-c10 position-relative h-element\">\n                  <!---->\n                  <div class=\"h-x-container-inner style-dynamic-77-c10-group style-1413-spacing style-local-77-c10-spacing\"><span class=\"h-link__outer style-1414-outer style-local-77-c11-outer d-inline-flex h-element\"><a h-use-smooth-scroll=\"true\" href=\"https:\/\/www.gs-amelgatzen.de\/wp-content\/uploads\/2025\/11\/Schulanmeldung.pdf\"  data-colibri-id=\"77-c11\" class=\"d-flex w-100 align-items-center h-link style-1414 style-local-77-c11 position-relative\"><!----><!----> <span>Schulanmeldung<\/span>                    <span class=\"h-svg-icon h-link__icon style-1414-icon style-local-77-c11-icon\"><!--Icon by Icons8 Line Awesome (https:\/\/icons8.com\/line-awesome)--><svg version=\"1.1\" xmlns=\"http:\/\/www.w3.org\/2000\/svg\" xmlns:xlink=\"http:\/\/www.w3.org\/1999\/xlink\" id=\"angle-double-right\" viewBox=\"0 0 512 545.5\"><path d=\"M145.5 108.5l168 168L325 288l-11.5 11.5-168 168-22.5-23L279.5 288 123 131.5zm112 0l168 168L437 288l-11.5 11.5-168 168-22.5-23L391.5 288 235 131.5z\"><\/path><\/svg><\/span><\/a>\n                    <\/span><span class=\"h-link__outer style-1414-outer style-local-77-c12-outer d-inline-flex h-element\"><a h-use-smooth-scroll=\"true\" href=\"https:\/\/www.gs-amelgatzen.de\/wp-content\/uploads\/2025\/11\/Antrag-auf-Genehmigung-des-Besuchs-einer-Schule-ausserhalb-des-zustaendigen-Schulbezirks.pdf\"  data-colibri-id=\"77-c12\" class=\"d-flex w-100 align-items-center h-link style-1414 style-local-77-c12 position-relative\"><!----><!----> <span>Antrag auf Genehmigung des Besuchs einer Schule au\u00dferhalb deszust\u00e4ndigen Schulbezirks<\/span>                    <span class=\"h-svg-icon h-link__icon style-1414-icon style-local-77-c12-icon\"><!--Icon by Icons8 Line Awesome (https:\/\/icons8.com\/line-awesome)--><svg version=\"1.1\" xmlns=\"http:\/\/www.w3.org\/2000\/svg\" xmlns:xlink=\"http:\/\/www.w3.org\/1999\/xlink\" id=\"angle-double-right\" viewBox=\"0 0 512 545.5\"><path d=\"M145.5 108.5l168 168L325 288l-11.5 11.5-168 168-22.5-23L279.5 288 123 131.5zm112 0l168 168L437 288l-11.5 11.5-168 168-22.5-23L391.5 288 235 131.5z\"><\/path><\/svg><\/span><\/a>\n                    <\/span><span class=\"h-link__outer style-1790-outer style-local-77-c13-outer d-inline-flex h-element\"><a h-use-smooth-scroll=\"true\" href=\"https:\/\/www.gs-amelgatzen.de\/wp-content\/uploads\/2025\/12\/Erklaerung-ueber-die-Verschiebung-der-Einschulung.pdf\"  data-colibri-id=\"77-c13\" class=\"d-flex w-100 align-items-center h-link style-1790 style-local-77-c13 position-relative\"><!----><!----> <span>Erkl\u00e4rung \u00fcber die Verschiebung der Einschulung  (Flexikindregelung) <\/span><\/a>\n                    <\/span><span class=\"h-link__outer style-1790-outer style-local-77-c14-outer d-inline-flex h-element\"><a h-use-smooth-scroll=\"true\" href=\"https:\/\/www.gs-amelgatzen.de\/wp-content\/uploads\/2026\/02\/Antrag-auf-Freistellung-fuer-kirchliche-Feiertage.pdf\"  data-colibri-id=\"77-c14\" class=\"d-flex w-100 align-items-center h-link style-1790 style-local-77-c14 position-relative\"><!----><!----> <span>Antrag auf Freistellung f\u00fcr kirchliche Feiertage<\/span><\/a>\n                    <\/span><span class=\"h-link__outer style-1790-outer style-local-77-c15-outer d-inline-flex h-element\"><a h-use-smooth-scroll=\"true\" href=\"https:\/\/www.gs-amelgatzen.de\/wp-content\/uploads\/2026\/02\/Antrag-auf-freiwilliges-Zuruecktreten-1.pdf\"  data-colibri-id=\"77-c15\" class=\"d-flex w-100 align-items-center h-link style-1790 style-local-77-c15 position-relative\"><!----><!----> <span>Antrag auf freiwilliges Zur\u00fccktreten<\/span><\/a>\n                    <\/span><span class=\"h-link__outer style-1790-outer style-local-77-c16-outer d-inline-flex h-element\"><a h-use-smooth-scroll=\"true\" href=\"https:\/\/www.gs-amelgatzen.de\/wp-content\/uploads\/2026\/02\/Antrag-auf-Ueberspringen-eines-Schuljahrganges.pdf\"  data-colibri-id=\"77-c16\" class=\"d-flex w-100 align-items-center h-link style-1790 style-local-77-c16 position-relative\"><!----><!----> <span>Antrag auf \u00dcberspringen eines Schuljahrganges<\/span><\/a>\n                    <\/span><span class=\"h-link__outer style-1790-outer style-local-77-c17-outer d-inline-flex h-element\"><a h-use-smooth-scroll=\"true\" href=\"https:\/\/www.gs-amelgatzen.de\/wp-content\/uploads\/2026\/02\/Antrag-Verbleib-in-der-Schuleingangsphase.pdf\"  data-colibri-id=\"77-c17\" class=\"d-flex w-100 align-items-center h-link style-1790 style-local-77-c17 position-relative\"><!----><!----> <span>Antrag auf Verbleib in der Schuleingangsphase<\/span><\/a>\n                    <\/span>\n                  <\/div>\n                <\/div>\n              <\/div>\n            <\/div>\n          <\/div>\n          <div class=\"h-column h-column-container d-flex h-col-lg-4 h-col-md-6 h-col-12 style-1407-outer style-local-77-c18-outer\">\n            <div data-colibri-id=\"77-c18\" class=\"d-flex h-flex-basis h-column__inner h-px-lg-0 h-px-md-0 h-px-0 v-inner-lg-0 v-inner-md-0 v-inner-0 style-1407 style-local-77-c18 position-relative\">\n              <!---->\n              <!---->\n              <div class=\"w-100 h-y-container h-column__content h-column__v-align flex-basis-100 align-self-lg-start align-self-md-start align-self-start\">\n                <!---->\n                <div data-colibri-id=\"77-c19\" class=\"d-block style-1408 style-local-77-c19 position-relative h-element\">\n                  <!---->\n                  <div class=\"h-image__frame-container-outer\">\n                    <div class=\"h-image__frame-container\">\n                      <!---->\n                      <!---->\n                      <img loading=\"lazy\" decoding=\"async\" width=\"1658\" height=\"1662\" src=\"https:\/\/www.gs-amelgatzen.de\/wp-content\/uploads\/2021\/04\/cropped-cropped-aaron-burden-xG8IQMqMITM-unsplash-scaled-1-1.jpg\" class=\"wp-image-72147 style-1408-image style-local-77-c19-image\" alt=\"\" srcset=\"https:\/\/www.gs-amelgatzen.de\/wp-content\/uploads\/2021\/04\/cropped-cropped-aaron-burden-xG8IQMqMITM-unsplash-scaled-1-1.jpg 1658w, https:\/\/www.gs-amelgatzen.de\/wp-content\/uploads\/2021\/04\/cropped-cropped-aaron-burden-xG8IQMqMITM-unsplash-scaled-1-1-300x300.jpg 300w, https:\/\/www.gs-amelgatzen.de\/wp-content\/uploads\/2021\/04\/cropped-cropped-aaron-burden-xG8IQMqMITM-unsplash-scaled-1-1-1022x1024.jpg 1022w, https:\/\/www.gs-amelgatzen.de\/wp-content\/uploads\/2021\/04\/cropped-cropped-aaron-burden-xG8IQMqMITM-unsplash-scaled-1-1-150x150.jpg 150w, https:\/\/www.gs-amelgatzen.de\/wp-content\/uploads\/2021\/04\/cropped-cropped-aaron-burden-xG8IQMqMITM-unsplash-scaled-1-1-768x770.jpg 768w, https:\/\/www.gs-amelgatzen.de\/wp-content\/uploads\/2021\/04\/cropped-cropped-aaron-burden-xG8IQMqMITM-unsplash-scaled-1-1-1532x1536.jpg 1532w\" sizes=\"(max-width: 1658px) 100vw, 1658px\" \/>\n                      <div class=\"h-image__frame h-hide-lg h-hide-md h-hide-sm style-1408-frameImage style-local-77-c19-frameImage\"><\/div>\n                    <\/div>\n                  <\/div>\n                <\/div>\n                <div data-colibri-id=\"77-c20\" class=\"h-row-container gutters-row-lg-0 gutters-row-md-0 gutters-row-2 gutters-row-v-lg-0 gutters-row-v-md-0 gutters-row-v-2 style-1409 style-local-77-c20 position-relative\">\n                  <!---->\n                  <div class=\"h-row justify-content-lg-center justify-content-md-center justify-content-center align-items-lg-stretch align-items-md-stretch align-items-stretch gutters-col-lg-0 gutters-col-md-0 gutters-col-2 gutters-col-v-lg-0 gutters-col-v-md-0 gutters-col-v-2\">\n                    <!---->\n                    <div class=\"h-column h-column-container d-flex h-col-lg-auto h-col-md-auto h-col-auto style-1410-outer style-local-77-c21-outer\">\n                      <div data-colibri-id=\"77-c21\" class=\"d-flex h-flex-basis h-column__inner h-px-lg-2 h-px-md-3 h-px-2 v-inner-lg-2 v-inner-md-3 v-inner-2 style-1410 style-local-77-c21 position-relative\">\n                        <!---->\n                        <!---->\n                        <div class=\"w-100 h-y-container h-column__content h-column__v-align flex-basis-100 align-self-lg-start align-self-md-start align-self-start\">\n                          <!---->\n                          <div data-colibri-id=\"77-c22\" class=\"h-global-transition-all h-heading style-1411 style-local-77-c22 position-relative h-element\">\n                            <!---->\n                            <div class=\"h-heading__outer style-1411 style-local-77-c22\">\n                              <!---->\n                              <!---->\n                              <h4 class=\"\">Weitere Antr\u00e4ge<\/h4>\n                            <\/div>\n                          <\/div>\n                          <div data-colibri-id=\"77-c23\" class=\"h-text h-text-component style-1412 style-local-77-c23 position-relative h-element\">\n                            <!---->\n                            <!---->\n                            <div class=\"\">\n                              <p>Wenn ihr Kind einen Tag vom Unterricht befreit werden muss finden Sie den Antrag mit weiteren Informationen hier<\/p>\n                            <\/div>\n                          <\/div>\n                        <\/div>\n                      <\/div>\n                    <\/div>\n                  <\/div>\n                <\/div>\n                <div data-colibri-id=\"77-c24\" class=\"h-x-container style-1413 style-local-77-c24 position-relative h-element\">\n                  <!---->\n                  <div class=\"h-x-container-inner style-dynamic-77-c24-group style-1413-spacing style-local-77-c24-spacing\"><span class=\"h-link__outer style-1414-outer style-local-77-c25-outer d-inline-flex h-element\"><a h-use-smooth-scroll=\"true\" href=\"https:\/\/www.gs-amelgatzen.de\/wp-content\/uploads\/2018\/01\/beurlaubung_schueler.pdf\"  data-colibri-id=\"77-c25\" class=\"d-flex w-100 align-items-center h-link style-1414 style-local-77-c25 position-relative\"><!----><!----> <span>Urlaubsantrag<\/span>                    <span class=\"h-svg-icon h-link__icon style-1414-icon style-local-77-c25-icon\"><!--Icon by Icons8 Line Awesome (https:\/\/icons8.com\/line-awesome)--><svg version=\"1.1\" xmlns=\"http:\/\/www.w3.org\/2000\/svg\" xmlns:xlink=\"http:\/\/www.w3.org\/1999\/xlink\" id=\"angle-double-right\" viewBox=\"0 0 512 545.5\"><path d=\"M145.5 108.5l168 168L325 288l-11.5 11.5-168 168-22.5-23L279.5 288 123 131.5zm112 0l168 168L437 288l-11.5 11.5-168 168-22.5-23L391.5 288 235 131.5z\"><\/path><\/svg><\/span><\/a>\n                    <\/span><span class=\"h-link__outer style-1414-outer style-local-77-c31-outer d-inline-flex h-element\"><a h-use-smooth-scroll=\"true\" href=\"https:\/\/www.gs-amelgatzen.de\/wp-content\/uploads\/2026\/03\/Antrag-auf-Erstattung-von-Schuelerbefoerderungskosten.pdf\"  data-colibri-id=\"77-c31\" class=\"d-flex w-100 align-items-center h-link style-1414 style-local-77-c31 position-relative\"><!----><!----> <span>Antrag auf Erstattung von Sch\u00fclerbef\u00f6rderungskosten<\/span>                    <span class=\"h-svg-icon h-link__icon style-1414-icon style-local-77-c31-icon\"><!--Icon by Icons8 Line Awesome (https:\/\/icons8.com\/line-awesome)--><svg version=\"1.1\" xmlns=\"http:\/\/www.w3.org\/2000\/svg\" xmlns:xlink=\"http:\/\/www.w3.org\/1999\/xlink\" id=\"angle-double-right\" viewBox=\"0 0 512 545.5\"><path d=\"M145.5 108.5l168 168L325 288l-11.5 11.5-168 168-22.5-23L279.5 288 123 131.5zm112 0l168 168L437 288l-11.5 11.5-168 168-22.5-23L391.5 288 235 131.5z\"><\/path><\/svg><\/span><\/a>\n                    <\/span>\n                  <\/div>\n                <\/div>\n              <\/div>\n            <\/div>\n          <\/div>\n          <div class=\"h-column h-column-container d-flex h-col-lg-4 h-col-md-6 h-col-12 style-1791-outer style-local-77-c30-outer\">\n            <div data-colibri-id=\"77-c30\" class=\"d-flex h-flex-basis h-column__inner h-ui-empty-state-container h-px-lg-2 h-px-md-2 h-px-2 v-inner-lg-2 v-inner-md-2 v-inner-2 style-1791 style-local-77-c30 position-relative\">\n              <!---->\n              <!---->\n              <div class=\"w-100 h-y-container h-column__content h-column__v-align flex-basis-100\">\n                <!---->\n              <\/div>\n            <\/div>\n          <\/div>\n        <\/div>\n      <\/div>\n    <\/div>\n  <\/div>\n<\/div>","protected":false},"excerpt":{"rendered":"<p>Formulare und Antr\u00e4ge Schulanmeldung Einen ersten Teil unserer Schulanmeldung finden Sie bereits hier. Klicken Sie einfach auf das untere Feld. Schulanmeldung Antrag auf Genehmigung des Besuchs einer Schule au\u00dferhalb deszust\u00e4ndigen Schulbezirks Erkl\u00e4rung \u00fcber die Verschiebung der Einschulung (Flexikindregelung) Antrag auf Freistellung f\u00fcr kirchliche Feiertage Antrag auf freiwilliges Zur\u00fccktreten Antrag auf \u00dcberspringen eines Schuljahrganges Antrag auf [&hellip;]<\/p>\n","protected":false},"author":2,"featured_media":0,"parent":0,"menu_order":0,"comment_status":"closed","ping_status":"closed","template":"page-templates\/full-width-page.php","meta":{"footnotes":""},"_links":{"self":[{"href":"https:\/\/www.gs-amelgatzen.de\/index.php?rest_route=\/wp\/v2\/pages\/77"}],"collection":[{"href":"https:\/\/www.gs-amelgatzen.de\/index.php?rest_route=\/wp\/v2\/pages"}],"about":[{"href":"https:\/\/www.gs-amelgatzen.de\/index.php?rest_route=\/wp\/v2\/types\/page"}],"author":[{"embeddable":true,"href":"https:\/\/www.gs-amelgatzen.de\/index.php?rest_route=\/wp\/v2\/users\/2"}],"replies":[{"embeddable":true,"href":"https:\/\/www.gs-amelgatzen.de\/index.php?rest_route=%2Fwp%2Fv2%2Fcomments&post=77"}],"version-history":[{"count":21,"href":"https:\/\/www.gs-amelgatzen.de\/index.php?rest_route=\/wp\/v2\/pages\/77\/revisions"}],"predecessor-version":[{"id":73143,"href":"https:\/\/www.gs-amelgatzen.de\/index.php?rest_route=\/wp\/v2\/pages\/77\/revisions\/73143"}],"wp:attachment":[{"href":"https:\/\/www.gs-amelgatzen.de\/index.php?rest_route=%2Fwp%2Fv2%2Fmedia&parent=77"}],"curies":[{"name":"wp","href":"https:\/\/api.w.org\/{rel}","templated":true}]}}